{"id":389,"date":"2022-02-04T12:45:09","date_gmt":"2022-02-04T15:45:09","guid":{"rendered":"http:\/\/54.233.232.132\/?page_id=389"},"modified":"2024-12-17T11:40:16","modified_gmt":"2024-12-17T14:40:16","slug":"galeria-de-diretores","status":"publish","type":"page","link":"https:\/\/abcdi.org.br\/index.php\/galeria-de-diretores\/","title":{"rendered":"Galeria de Diretores"},"content":{"rendered":"\t\t<div data-elementor-type=\"wp-page\" data-elementor-id=\"389\" class=\"elementor elementor-389\" data-elementor-post-type=\"page\">\n\t\t\t\t\t\t<section class=\"elementor-section elementor-top-section elementor-element elementor-element-1af508e elementor-section-boxed elementor-section-height-default elementor-section-height-default\" data-id=\"1af508e\" data-element_type=\"section\" data-e-type=\"section\">\n\t\t\t\t\t\t<div class=\"elementor-container elementor-column-gap-default\">\n\t\t\t\t\t<div class=\"elementor-column elementor-col-100 elementor-top-column elementor-element elementor-element-aee78a1\" data-id=\"aee78a1\" data-element_type=\"column\" data-e-type=\"column\">\n\t\t\t<div class=\"elementor-widget-wrap elementor-element-populated\">\n\t\t\t\t\t\t<div class=\"elementor-element elementor-element-1cf938e elementor-widget elementor-widget-spacer\" data-id=\"1cf938e\" data-element_type=\"widget\" data-e-type=\"widget\" data-widget_type=\"spacer.default\">\n\t\t\t\t<div class=\"elementor-widget-container\">\n\t\t\t\t\t\t\t<div class=\"elementor-spacer\">\n\t\t\t<div class=\"elementor-spacer-inner\"><\/div>\n\t\t<\/div>\n\t\t\t\t\t\t<\/div>\n\t\t\t\t<\/div>\n\t\t\t\t\t<\/div>\n\t\t<\/div>\n\t\t\t\t\t<\/div>\n\t\t<\/section>\n\t\t\t\t<section class=\"elementor-section elementor-top-section elementor-element elementor-element-538cb82 elementor-section-boxed elementor-section-height-default elementor-section-height-default\" data-id=\"538cb82\" data-element_type=\"section\" data-e-type=\"section\">\n\t\t\t\t\t\t<div class=\"elementor-container elementor-column-gap-default\">\n\t\t\t\t\t<div class=\"elementor-column elementor-col-100 elementor-top-column elementor-element elementor-element-7276dd6\" data-id=\"7276dd6\" data-element_type=\"column\" data-e-type=\"column\">\n\t\t\t<div class=\"elementor-widget-wrap elementor-element-populated\">\n\t\t\t\t\t\t<div class=\"elementor-element elementor-element-da3f481 elementor-widget elementor-widget-heading\" data-id=\"da3f481\" data-element_type=\"widget\" data-e-type=\"widget\" data-widget_type=\"heading.default\">\n\t\t\t\t<div class=\"elementor-widget-container\">\n\t\t\t\t\t<h2 class=\"elementor-heading-title elementor-size-default\">Confira nossa hist\u00f3ria e  hist\u00f3rico de diretores pela linha do tempo<\/h2>\t\t\t\t<\/div>\n\t\t\t\t<\/div>\n\t\t\t\t\t<\/div>\n\t\t<\/div>\n\t\t\t\t\t<\/div>\n\t\t<\/section>\n\t\t\t\t<section class=\"elementor-section elementor-top-section elementor-element elementor-element-cfb118b elementor-section-boxed elementor-section-height-default elementor-section-height-default\" data-id=\"cfb118b\" data-element_type=\"section\" data-e-type=\"section\">\n\t\t\t\t\t\t<div class=\"elementor-container elementor-column-gap-default\">\n\t\t\t\t\t<div class=\"elementor-column elementor-col-100 elementor-top-column elementor-element elementor-element-c5aac42\" data-id=\"c5aac42\" data-element_type=\"column\" data-e-type=\"column\">\n\t\t\t<div class=\"elementor-widget-wrap elementor-element-populated\">\n\t\t\t\t\t\t<div class=\"elementor-element elementor-element-33b21e2 elementor-widget elementor-widget-text-editor\" data-id=\"33b21e2\" data-element_type=\"widget\" data-e-type=\"widget\" data-widget_type=\"text-editor.default\">\n\t\t\t\t<div class=\"elementor-widget-container\">\n\t\t\t\t\t\t\t\t\t<p>Nos \u00faltimos anos, a ABCDI concentrou seus esfor\u00e7os para criar e levar conte\u00fado, insumos t\u00e9cnicos, estrat\u00e9gicos e materiais at\u00e9 seus associados e demais participantes do mercado de gest\u00e3o cl\u00ednica.\u00a0<span style=\"color: var( --e-global-color-text ); font-family: var( --e-global-typography-text-font-family ), Sans-serif; font-weight: var( --e-global-typography-text-font-weight ); background-color: var(--ast-global-color-5); font-size: 1rem;\">Hoje a ABCDI disp\u00f5e de uma rede de 225 cl\u00ednicas associadas, segmentadas por seu porte. A ABCDI e o CBR acreditam que a conflu\u00eancia de interesses das cl\u00ednicas de pequeno, m\u00e9dio e grande porte podem ser fundamentais para o crescimento do campo radiol\u00f3gico como um todo, sobretudo nesse tempo de concentra\u00e7\u00e3o de grandes grupos na \u00e1rea de Diagn\u00f3stico por Imagem.<\/span><\/p>\t\t\t\t\t\t\t\t<\/div>\n\t\t\t\t<\/div>\n\t\t\t\t\t<\/div>\n\t\t<\/div>\n\t\t\t\t\t<\/div>\n\t\t<\/section>\n\t\t\t\t<section class=\"elementor-section elementor-top-section elementor-element elementor-element-9dbfd93 elementor-section-boxed elementor-section-height-default elementor-section-height-default\" data-id=\"9dbfd93\" data-element_type=\"section\" data-e-type=\"section\">\n\t\t\t\t\t\t<div class=\"elementor-container elementor-column-gap-default\">\n\t\t\t\t\t<div class=\"elementor-column elementor-col-100 elementor-top-column elementor-element elementor-element-70bae07\" data-id=\"70bae07\" data-element_type=\"column\" data-e-type=\"column\">\n\t\t\t<div class=\"elementor-widget-wrap elementor-element-populated\">\n\t\t\t\t\t\t<div class=\"elementor-element elementor-element-da80d76 elementor-widget-divider--view-line elementor-widget elementor-widget-divider\" data-id=\"da80d76\" data-element_type=\"widget\" data-e-type=\"widget\" data-widget_type=\"divider.default\">\n\t\t\t\t<div class=\"elementor-widget-container\">\n\t\t\t\t\t\t\t<div class=\"elementor-divider\">\n\t\t\t<span class=\"elementor-divider-separator\">\n\t\t\t\t\t\t<\/span>\n\t\t<\/div>\n\t\t\t\t\t\t<\/div>\n\t\t\t\t<\/div>\n\t\t\t\t\t<\/div>\n\t\t<\/div>\n\t\t\t\t\t<\/div>\n\t\t<\/section>\n\t\t\t\t<section class=\"elementor-section elementor-top-section elementor-element elementor-element-3b61fa2 elementor-section-boxed elementor-section-height-default elementor-section-height-default\" data-id=\"3b61fa2\" data-element_type=\"section\" data-e-type=\"section\">\n\t\t\t\t\t\t<div class=\"elementor-container elementor-column-gap-default\">\n\t\t\t\t\t<div class=\"elementor-column elementor-col-50 elementor-top-column elementor-element elementor-element-549f3f5\" data-id=\"549f3f5\" data-element_type=\"column\" data-e-type=\"column\">\n\t\t\t<div class=\"elementor-widget-wrap elementor-element-populated\">\n\t\t\t\t\t\t<div class=\"elementor-element elementor-element-868d233 elementor-widget elementor-widget-image\" data-id=\"868d233\" data-element_type=\"widget\" data-e-type=\"widget\" data-widget_type=\"image.default\">\n\t\t\t\t<div class=\"elementor-widget-container\">\n\t\t\t\t\t\t\t\t\t\t\t\t\t\t\t<img fetchpriority=\"high\" decoding=\"async\" width=\"225\" height=\"300\" src=\"https:\/\/abcdi.org.br\/wp-content\/uploads\/2024\/12\/ricardo_rocha-225x300.jpg\" class=\"attachment-medium size-medium wp-image-6139\" alt=\"\" srcset=\"https:\/\/abcdi.org.br\/wp-content\/uploads\/2024\/12\/ricardo_rocha-225x300.jpg 225w, https:\/\/abcdi.org.br\/wp-content\/uploads\/2024\/12\/ricardo_rocha.jpg 300w\" sizes=\"(max-width: 225px) 100vw, 225px\" \/>\t\t\t\t\t\t\t\t\t\t\t\t\t\t\t<\/div>\n\t\t\t\t<\/div>\n\t\t\t\t\t<\/div>\n\t\t<\/div>\n\t\t\t\t<div class=\"elementor-column elementor-col-50 elementor-top-column elementor-element elementor-element-d1d91f3\" data-id=\"d1d91f3\" data-element_type=\"column\" data-e-type=\"column\">\n\t\t\t<div class=\"elementor-widget-wrap elementor-element-populated\">\n\t\t\t\t\t\t<div class=\"elementor-element elementor-element-395640d elementor-widget elementor-widget-heading\" data-id=\"395640d\" data-element_type=\"widget\" data-e-type=\"widget\" data-widget_type=\"heading.default\">\n\t\t\t\t<div class=\"elementor-widget-container\">\n\t\t\t\t\t<h2 class=\"elementor-heading-title elementor-size-default\"><b>Ricardo Mendon\u00e7a Rocha (CE)<br><\/b>Diretor da ABCDI | 2025-2026<\/h2>\t\t\t\t<\/div>\n\t\t\t\t<\/div>\n\t\t\t\t<div class=\"elementor-element elementor-element-9d39f90 elementor-widget elementor-widget-text-editor\" data-id=\"9d39f90\" data-element_type=\"widget\" data-e-type=\"widget\" data-widget_type=\"text-editor.default\">\n\t\t\t\t<div class=\"elementor-widget-container\">\n\t\t\t\t\t\t\t\t\t<ul><li style=\"text-align: justify;\">M\u00e9dico formado na universidade federal do Cear\u00e1 em 1997;<\/li><li style=\"text-align: justify;\">Resid\u00eancia m\u00e9dica em radiologia e diagn\u00f3stico por imagem no conjunto hospitalar do Mandaqui \u2013 S\u00e3o Paulo SP nos anos de 1999, 2000 e 2001;<\/li><li style=\"text-align: justify;\">P\u00f3s-gradua\u00e7\u00f5es em radiologia da cabe\u00e7a e do pesco\u00e7o e em neurorradiologia pelo IES\/FAMETRO;<\/li><li style=\"text-align: justify;\">Ex vice-presidente e diretor de defesa profissional da SOCEARA (Sociedade cearense de radiologia);<\/li><li style=\"text-align: justify;\">Diretor do SINDESSEC (sindicato dos estabelecimentos de sa\u00fade do estado do Cear\u00e1);<\/li><li style=\"text-align: justify;\">Coordenador do departamento de imagem da associa\u00e7\u00e3o dos hospitais do Cear\u00e1.<\/li><\/ul>\t\t\t\t\t\t\t\t<\/div>\n\t\t\t\t<\/div>\n\t\t\t\t\t<\/div>\n\t\t<\/div>\n\t\t\t\t\t<\/div>\n\t\t<\/section>\n\t\t\t\t<section class=\"elementor-section elementor-top-section elementor-element elementor-element-a5b92e2 elementor-section-boxed elementor-section-height-default elementor-section-height-default\" data-id=\"a5b92e2\" data-element_type=\"section\" data-e-type=\"section\">\n\t\t\t\t\t\t<div class=\"elementor-container elementor-column-gap-default\">\n\t\t\t\t\t<div class=\"elementor-column elementor-col-100 elementor-top-column elementor-element elementor-element-0b653bf\" data-id=\"0b653bf\" data-element_type=\"column\" data-e-type=\"column\">\n\t\t\t<div class=\"elementor-widget-wrap elementor-element-populated\">\n\t\t\t\t\t\t<div class=\"elementor-element elementor-element-89ab144 elementor-widget-divider--view-line elementor-widget elementor-widget-divider\" data-id=\"89ab144\" data-element_type=\"widget\" data-e-type=\"widget\" data-widget_type=\"divider.default\">\n\t\t\t\t<div class=\"elementor-widget-container\">\n\t\t\t\t\t\t\t<div class=\"elementor-divider\">\n\t\t\t<span class=\"elementor-divider-separator\">\n\t\t\t\t\t\t<\/span>\n\t\t<\/div>\n\t\t\t\t\t\t<\/div>\n\t\t\t\t<\/div>\n\t\t\t\t\t<\/div>\n\t\t<\/div>\n\t\t\t\t\t<\/div>\n\t\t<\/section>\n\t\t\t\t<section class=\"elementor-section elementor-top-section elementor-element elementor-element-9cdc143 elementor-section-boxed elementor-section-height-default elementor-section-height-default\" data-id=\"9cdc143\" data-element_type=\"section\" data-e-type=\"section\">\n\t\t\t\t\t\t<div class=\"elementor-container elementor-column-gap-default\">\n\t\t\t\t\t<div class=\"elementor-column elementor-col-50 elementor-top-column elementor-element elementor-element-163ca3b\" data-id=\"163ca3b\" data-element_type=\"column\" data-e-type=\"column\">\n\t\t\t<div class=\"elementor-widget-wrap elementor-element-populated\">\n\t\t\t\t\t\t<div class=\"elementor-element elementor-element-f66cb8f elementor-widget elementor-widget-image\" data-id=\"f66cb8f\" data-element_type=\"widget\" data-e-type=\"widget\" data-widget_type=\"image.default\">\n\t\t\t\t<div class=\"elementor-widget-container\">\n\t\t\t\t\t\t\t\t\t\t\t\t\t\t\t<img decoding=\"async\" width=\"225\" height=\"300\" src=\"https:\/\/abcdi.org.br\/wp-content\/uploads\/2023\/04\/DRmarcelo_lauar_pb-225x300.jpg\" class=\"attachment-medium size-medium wp-image-4649\" alt=\"\" srcset=\"https:\/\/abcdi.org.br\/wp-content\/uploads\/2023\/04\/DRmarcelo_lauar_pb-225x300.jpg 225w, https:\/\/abcdi.org.br\/wp-content\/uploads\/2023\/04\/DRmarcelo_lauar_pb.jpg 300w\" sizes=\"(max-width: 225px) 100vw, 225px\" \/>\t\t\t\t\t\t\t\t\t\t\t\t\t\t\t<\/div>\n\t\t\t\t<\/div>\n\t\t\t\t\t<\/div>\n\t\t<\/div>\n\t\t\t\t<div class=\"elementor-column elementor-col-50 elementor-top-column elementor-element elementor-element-7717d52\" data-id=\"7717d52\" data-element_type=\"column\" data-e-type=\"column\">\n\t\t\t<div class=\"elementor-widget-wrap elementor-element-populated\">\n\t\t\t\t\t\t<div class=\"elementor-element elementor-element-afd07e5 elementor-widget elementor-widget-heading\" data-id=\"afd07e5\" data-element_type=\"widget\" data-e-type=\"widget\" data-widget_type=\"heading.default\">\n\t\t\t\t<div class=\"elementor-widget-container\">\n\t\t\t\t\t<h2 class=\"elementor-heading-title elementor-size-default\"><b>Marcelo Lauar (GO)<br><\/b>Diretor da ABCDI | 2023-2024<\/h2>\t\t\t\t<\/div>\n\t\t\t\t<\/div>\n\t\t\t\t<div class=\"elementor-element elementor-element-75baab5 elementor-widget elementor-widget-text-editor\" data-id=\"75baab5\" data-element_type=\"widget\" data-e-type=\"widget\" data-widget_type=\"text-editor.default\">\n\t\t\t\t<div class=\"elementor-widget-container\">\n\t\t\t\t\t\t\t\t\t<ul><li style=\"text-align: justify;\"><span style=\"font-family: Arial, sans-serif;\">Formado em Medicina na Universidade do Estado do Rio de Janeiro (UERJ);<\/span><\/li><li>Resid\u00eancia M\u00e9dica no Hospital das Cl\u00ednicas da Faculdade de Medicina de Ribeir\u00e3o Preto da Universidade de S\u00e3o Paulo (FMRP-<em>USP)<\/em>;<\/li><li>Est\u00e1gio no Hospital Infantil de Liverpool, Inglaterra;<\/li><li>Est\u00e1gio no Centro de Resson\u00e2ncia Magn\u00e9tica Trondheim \u2013 Noruega;<\/li><li>Est\u00e1gio no servi\u00e7o de Radiologia Pedi\u00e1trica do Hospital Infantil Joana de Gusm\u00e3o \u2013 Florian\u00f3polis (SC);<\/li><li>Curso de Resson\u00e2ncia Magn\u00e9tica no Instituto de Diagn\u00f3stico por Imagem da Santa Casa de Ribeir\u00e3o Preto;<\/li><li>Est\u00e1gio em Radiologia Pedi\u00e1trica, no <i style=\"font-family: Arial, sans-serif; font-weight: inherit; color: var( --e-global-color-text ); background-color: var(--ast-global-color-5);\">Sick Children\u00b4s<\/i><span style=\"font-family: Arial, sans-serif; font-style: inherit; font-weight: inherit; color: var( --e-global-color-text ); background-color: var(--ast-global-color-5);\"> de Toronto \u2013 Canad\u00e1;<\/span><\/li><li>T\u00edtulo de Especialista em Radiodiagn\u00f3stico conferido pela Associa\u00e7\u00e3o M\u00e9dica Brasileira;<\/li><li>T\u00edtulo de Especialista em ultrassonografia conferido pela Associa\u00e7\u00e3o M\u00e9dica Brasileira;<\/li><li>Certificado de atua\u00e7\u00e3o na \u00e1rea de densitometria \u00f3ssea, conferido pela Associa\u00e7\u00e3o M\u00e9dica Brasileira e Col\u00e9gio Brasileiro de Radiologia;<\/li><li><span style=\"font-style: inherit; font-weight: inherit; color: var( --e-global-color-text ); background-color: var(--ast-global-color-5);\"><span style=\"font-style: inherit; font-weight: inherit; color: var( --e-global-color-text ); background-color: var(--ast-global-color-5);\"><span style=\"font-family: Arial, sans-serif;\">Membro do Col\u00e9gio Brasileiro de Radiologia e Diagn\u00f3stico por Imagem;<\/span><\/span><\/span><\/li><li><span style=\"font-style: inherit; font-weight: inherit; color: var( --e-global-color-text ); text-indent: -18pt; background-color: var(--ast-global-color-5);\">Diretor do SINDIMAGEM (Sindicato das cl\u00ednicas radiol\u00f3gicas do estado de Goi\u00e1s);<\/span><\/li><\/ul>\t\t\t\t\t\t\t\t<\/div>\n\t\t\t\t<\/div>\n\t\t\t\t\t<\/div>\n\t\t<\/div>\n\t\t\t\t\t<\/div>\n\t\t<\/section>\n\t\t\t\t<section class=\"elementor-section elementor-top-section elementor-element elementor-element-7c4b1e0 elementor-section-boxed elementor-section-height-default elementor-section-height-default\" data-id=\"7c4b1e0\" data-element_type=\"section\" data-e-type=\"section\">\n\t\t\t\t\t\t<div class=\"elementor-container elementor-column-gap-default\">\n\t\t\t\t\t<div class=\"elementor-column elementor-col-100 elementor-top-column elementor-element elementor-element-555272e\" data-id=\"555272e\" data-element_type=\"column\" data-e-type=\"column\">\n\t\t\t<div class=\"elementor-widget-wrap elementor-element-populated\">\n\t\t\t\t\t\t<div class=\"elementor-element elementor-element-a7b4042 elementor-widget-divider--view-line elementor-widget elementor-widget-divider\" data-id=\"a7b4042\" data-element_type=\"widget\" data-e-type=\"widget\" data-widget_type=\"divider.default\">\n\t\t\t\t<div class=\"elementor-widget-container\">\n\t\t\t\t\t\t\t<div class=\"elementor-divider\">\n\t\t\t<span class=\"elementor-divider-separator\">\n\t\t\t\t\t\t<\/span>\n\t\t<\/div>\n\t\t\t\t\t\t<\/div>\n\t\t\t\t<\/div>\n\t\t\t\t\t<\/div>\n\t\t<\/div>\n\t\t\t\t\t<\/div>\n\t\t<\/section>\n\t\t\t\t<section class=\"elementor-section elementor-top-section elementor-element elementor-element-6f97544 elementor-section-boxed elementor-section-height-default elementor-section-height-default\" data-id=\"6f97544\" data-element_type=\"section\" data-e-type=\"section\">\n\t\t\t\t\t\t<div class=\"elementor-container elementor-column-gap-default\">\n\t\t\t\t\t<div class=\"elementor-column elementor-col-50 elementor-top-column elementor-element elementor-element-50fab8d\" data-id=\"50fab8d\" data-element_type=\"column\" data-e-type=\"column\">\n\t\t\t<div class=\"elementor-widget-wrap elementor-element-populated\">\n\t\t\t\t\t\t<div class=\"elementor-element elementor-element-5e7a14c elementor-widget elementor-widget-image\" data-id=\"5e7a14c\" data-element_type=\"widget\" data-e-type=\"widget\" data-widget_type=\"image.default\">\n\t\t\t\t<div class=\"elementor-widget-container\">\n\t\t\t\t\t\t\t\t\t\t\t\t\t\t\t<img decoding=\"async\" width=\"225\" height=\"300\" src=\"https:\/\/abcdi.org.br\/wp-content\/uploads\/2023\/03\/unnamed-225x300.png\" class=\"attachment-medium size-medium wp-image-4579\" alt=\"Lu\u00eds Ronan Souza\" srcset=\"https:\/\/abcdi.org.br\/wp-content\/uploads\/2023\/03\/unnamed-225x300.png 225w, https:\/\/abcdi.org.br\/wp-content\/uploads\/2023\/03\/unnamed.png 300w\" sizes=\"(max-width: 225px) 100vw, 225px\" \/>\t\t\t\t\t\t\t\t\t\t\t\t\t\t\t<\/div>\n\t\t\t\t<\/div>\n\t\t\t\t\t<\/div>\n\t\t<\/div>\n\t\t\t\t<div class=\"elementor-column elementor-col-50 elementor-top-column elementor-element elementor-element-3e5b426\" data-id=\"3e5b426\" data-element_type=\"column\" data-e-type=\"column\">\n\t\t\t<div class=\"elementor-widget-wrap elementor-element-populated\">\n\t\t\t\t\t\t<div class=\"elementor-element elementor-element-e57eaf0 elementor-widget elementor-widget-heading\" data-id=\"e57eaf0\" data-element_type=\"widget\" data-e-type=\"widget\" data-widget_type=\"heading.default\">\n\t\t\t\t<div class=\"elementor-widget-container\">\n\t\t\t\t\t<h2 class=\"elementor-heading-title elementor-size-default\"><b>Lu\u00eds Ronan Souza (MG)<br><\/b>Diretor da ABCDI | 2021-2022<\/h2>\t\t\t\t<\/div>\n\t\t\t\t<\/div>\n\t\t\t\t<div class=\"elementor-element elementor-element-15d5859 elementor-widget elementor-widget-text-editor\" data-id=\"15d5859\" data-element_type=\"widget\" data-e-type=\"widget\" data-widget_type=\"text-editor.default\">\n\t\t\t\t<div class=\"elementor-widget-container\">\n\t\t\t\t\t\t\t\t\t<p>Possui gradua\u00e7\u00e3o em Medicina pela Universidade Estadual de Campinas (UNICAMP) em 2000 e doutorado em Ci\u00eancias M\u00e9dicas (Radiologia Cl\u00ednica) pela Universidade Federal de S\u00e3o Paulo (UNIFESP\/EPM) em 2005. Atualmente \u00e9 professor associado da Universidade Federal do Tri\u00e2ngulo Mineiro. Tem maior experi\u00eancia na \u00e1rea de Diagn\u00f3stico por Imagem, com \u00eanfase em Imagem do Abdome e da Mulher, atuando principalmente nos seguintes temas: Ultrassonografia, Resson\u00e2ncia Magn\u00e9tica e Tomografia Computadorizada. Em 2006 foi selecionado pela Sociedade Americana de Radiologia (RSNA), juntamente com outros quinze radiologistas do mundo, para participar do seu congresso e realizar um curso preparat\u00f3rio para forma\u00e7\u00e3o de pesquisadores acad\u00eamicos. H\u00e1 11 anos \u00e9 m\u00e9dico radiologista da Cl\u00ednica Radiol\u00f3gica Uberaba, sendo escolhido como gestor m\u00e9dico desde junho de 2016 ap\u00f3s fus\u00e3o com o grupo Sabin. Foi condecorado como n\u00edvel II\/II de efici\u00eancia pela Sociedade Europeia de Radiologia Gastrointestinal (ESGAR) em 2018, no evento anual realizado em Dublin (Irlanda). Em janeiro de 2019 assumiu a vice-presid\u00eancia sudeste do Col\u00e9gio Brasileiro de Radiologia e Diagn\u00f3stico por Imagem.<\/p>\t\t\t\t\t\t\t\t<\/div>\n\t\t\t\t<\/div>\n\t\t\t\t\t<\/div>\n\t\t<\/div>\n\t\t\t\t\t<\/div>\n\t\t<\/section>\n\t\t\t\t<section class=\"elementor-section elementor-top-section elementor-element elementor-element-0b4bfa2 elementor-section-boxed elementor-section-height-default elementor-section-height-default\" data-id=\"0b4bfa2\" data-element_type=\"section\" data-e-type=\"section\">\n\t\t\t\t\t\t<div class=\"elementor-container elementor-column-gap-default\">\n\t\t\t\t\t<div class=\"elementor-column elementor-col-100 elementor-top-column elementor-element elementor-element-53b39bd\" data-id=\"53b39bd\" data-element_type=\"column\" data-e-type=\"column\">\n\t\t\t<div class=\"elementor-widget-wrap elementor-element-populated\">\n\t\t\t\t\t\t<div class=\"elementor-element elementor-element-282226e elementor-widget-divider--view-line elementor-widget elementor-widget-divider\" data-id=\"282226e\" data-element_type=\"widget\" data-e-type=\"widget\" data-widget_type=\"divider.default\">\n\t\t\t\t<div class=\"elementor-widget-container\">\n\t\t\t\t\t\t\t<div class=\"elementor-divider\">\n\t\t\t<span class=\"elementor-divider-separator\">\n\t\t\t\t\t\t<\/span>\n\t\t<\/div>\n\t\t\t\t\t\t<\/div>\n\t\t\t\t<\/div>\n\t\t\t\t\t<\/div>\n\t\t<\/div>\n\t\t\t\t\t<\/div>\n\t\t<\/section>\n\t\t\t\t<section class=\"elementor-section elementor-top-section elementor-element elementor-element-6e2b40e elementor-section-boxed elementor-section-height-default elementor-section-height-default\" data-id=\"6e2b40e\" data-element_type=\"section\" data-e-type=\"section\">\n\t\t\t\t\t\t<div class=\"elementor-container elementor-column-gap-default\">\n\t\t\t\t\t<div class=\"elementor-column elementor-col-50 elementor-top-column elementor-element elementor-element-518e55b\" data-id=\"518e55b\" data-element_type=\"column\" data-e-type=\"column\">\n\t\t\t<div class=\"elementor-widget-wrap elementor-element-populated\">\n\t\t\t\t\t\t<div class=\"elementor-element elementor-element-6939cea elementor-widget elementor-widget-image\" data-id=\"6939cea\" data-element_type=\"widget\" data-e-type=\"widget\" data-widget_type=\"image.default\">\n\t\t\t\t<div class=\"elementor-widget-container\">\n\t\t\t\t\t\t\t\t\t\t\t\t\t\t\t<img loading=\"lazy\" decoding=\"async\" width=\"225\" height=\"300\" src=\"https:\/\/abcdi.org.br\/wp-content\/uploads\/2023\/03\/unnamed-10.png\" class=\"attachment-large size-large wp-image-4584\" alt=\"Adelson Andr\u00e9 Martins\" \/>\t\t\t\t\t\t\t\t\t\t\t\t\t\t\t<\/div>\n\t\t\t\t<\/div>\n\t\t\t\t\t<\/div>\n\t\t<\/div>\n\t\t\t\t<div class=\"elementor-column elementor-col-50 elementor-top-column elementor-element elementor-element-7ecb388\" data-id=\"7ecb388\" data-element_type=\"column\" data-e-type=\"column\">\n\t\t\t<div class=\"elementor-widget-wrap elementor-element-populated\">\n\t\t\t\t\t\t<div class=\"elementor-element elementor-element-6c1490f elementor-widget elementor-widget-heading\" data-id=\"6c1490f\" data-element_type=\"widget\" data-e-type=\"widget\" data-widget_type=\"heading.default\">\n\t\t\t\t<div class=\"elementor-widget-container\">\n\t\t\t\t\t<h2 class=\"elementor-heading-title elementor-size-default\">Adelson Andr\u00e9 Martins (SP)<br>Diretor da ABCDI | 2019-2020<\/h2>\t\t\t\t<\/div>\n\t\t\t\t<\/div>\n\t\t\t\t<div class=\"elementor-element elementor-element-13dfa20 elementor-widget elementor-widget-text-editor\" data-id=\"13dfa20\" data-element_type=\"widget\" data-e-type=\"widget\" data-widget_type=\"text-editor.default\">\n\t\t\t\t<div class=\"elementor-widget-container\">\n\t\t\t\t\t\t\t\t\t<p>Graduado pela Faculdade de Medicina de Mar\u00edlia (FAMEMA) em 1976. Resid\u00eancia M\u00e9dica no Hospital do Servidor P\u00fablico Estadual de S\u00e3o Paulo. Fellow in the Department of Radiology, Massachusetts General Hospital, Harvard Medical School, Boston. T\u00edtulo de Especialista em Radiologia e Diagn\u00f3stico por Imagem conferido pelo Col\u00e9gio Brasileiro de Radiologia e Diagn\u00f3stico por Imagem (CBR e Associa\u00e7\u00e3o M\u00e9dica Brasileira (AMB).<\/p>\t\t\t\t\t\t\t\t<\/div>\n\t\t\t\t<\/div>\n\t\t\t\t\t<\/div>\n\t\t<\/div>\n\t\t\t\t\t<\/div>\n\t\t<\/section>\n\t\t\t\t<section class=\"elementor-section elementor-top-section elementor-element elementor-element-481c206 elementor-section-boxed elementor-section-height-default elementor-section-height-default\" data-id=\"481c206\" data-element_type=\"section\" data-e-type=\"section\">\n\t\t\t\t\t\t<div class=\"elementor-container elementor-column-gap-default\">\n\t\t\t\t\t<div class=\"elementor-column elementor-col-100 elementor-top-column elementor-element elementor-element-2b7a387\" data-id=\"2b7a387\" data-element_type=\"column\" data-e-type=\"column\">\n\t\t\t<div class=\"elementor-widget-wrap elementor-element-populated\">\n\t\t\t\t\t\t<div class=\"elementor-element elementor-element-a4cae18 elementor-widget-divider--view-line elementor-widget elementor-widget-divider\" data-id=\"a4cae18\" data-element_type=\"widget\" data-e-type=\"widget\" data-widget_type=\"divider.default\">\n\t\t\t\t<div class=\"elementor-widget-container\">\n\t\t\t\t\t\t\t<div class=\"elementor-divider\">\n\t\t\t<span class=\"elementor-divider-separator\">\n\t\t\t\t\t\t<\/span>\n\t\t<\/div>\n\t\t\t\t\t\t<\/div>\n\t\t\t\t<\/div>\n\t\t\t\t\t<\/div>\n\t\t<\/div>\n\t\t\t\t\t<\/div>\n\t\t<\/section>\n\t\t\t\t<section class=\"elementor-section elementor-top-section elementor-element elementor-element-24254d1 elementor-section-boxed elementor-section-height-default elementor-section-height-default\" data-id=\"24254d1\" data-element_type=\"section\" data-e-type=\"section\">\n\t\t\t\t\t\t<div class=\"elementor-container elementor-column-gap-default\">\n\t\t\t\t\t<div class=\"elementor-column elementor-col-50 elementor-top-column elementor-element elementor-element-243ed59\" data-id=\"243ed59\" data-element_type=\"column\" data-e-type=\"column\">\n\t\t\t<div class=\"elementor-widget-wrap elementor-element-populated\">\n\t\t\t\t\t\t<div class=\"elementor-element elementor-element-79d41af elementor-widget elementor-widget-image\" data-id=\"79d41af\" data-element_type=\"widget\" data-e-type=\"widget\" data-widget_type=\"image.default\">\n\t\t\t\t<div class=\"elementor-widget-container\">\n\t\t\t\t\t\t\t\t\t\t\t\t\t\t\t<img loading=\"lazy\" decoding=\"async\" width=\"225\" height=\"300\" src=\"https:\/\/abcdi.org.br\/wp-content\/uploads\/2023\/03\/unnamed-9.png\" class=\"attachment-large size-large wp-image-4585\" alt=\"Ademar Jos\u00e9 de Oliveira Paes Junior (SC)\" \/>\t\t\t\t\t\t\t\t\t\t\t\t\t\t\t<\/div>\n\t\t\t\t<\/div>\n\t\t\t\t\t<\/div>\n\t\t<\/div>\n\t\t\t\t<div class=\"elementor-column elementor-col-50 elementor-top-column elementor-element elementor-element-47a5e23\" data-id=\"47a5e23\" data-element_type=\"column\" data-e-type=\"column\">\n\t\t\t<div class=\"elementor-widget-wrap elementor-element-populated\">\n\t\t\t\t\t\t<div class=\"elementor-element elementor-element-cb1421e elementor-widget elementor-widget-heading\" data-id=\"cb1421e\" data-element_type=\"widget\" data-e-type=\"widget\" data-widget_type=\"heading.default\">\n\t\t\t\t<div class=\"elementor-widget-container\">\n\t\t\t\t\t<h2 class=\"elementor-heading-title elementor-size-default\">Ademar Jos\u00e9 de Oliveira Paes Junior (SC)<br>Diretor da ABCDI | 2017-2018<\/h2>\t\t\t\t<\/div>\n\t\t\t\t<\/div>\n\t\t\t\t<div class=\"elementor-element elementor-element-1c30292 elementor-widget elementor-widget-text-editor\" data-id=\"1c30292\" data-element_type=\"widget\" data-e-type=\"widget\" data-widget_type=\"text-editor.default\">\n\t\t\t\t<div class=\"elementor-widget-container\">\n\t\t\t\t\t\t\t\t\t<p>Possui gradua\u00e7\u00e3o em Medicina pela Universidade Federal de Santa Catarina (2000), mestrado em Medicina (Ci\u00eancias da Sa\u00fade) pelo Hospital Heli\u00f3polis \u2013 Unidade de Gest\u00e3o Assistencial 1 (2003) e doutorado em Radiologia pela Universidade de S\u00e3o Paulo (2006). Atualmente \u00e9 m\u00e9dico radiologista \u2013 Imagem Centro M\u00e9dico Diagn\u00f3stico Por Imagem, professor volunt\u00e1rio da Universidade Federal de Santa Catarina, diretor de publica\u00e7\u00f5es cient\u00edficas da Associa\u00e7\u00e3o Catarinense de Medicina, professor convidado do Hospital Heli\u00f3polis \u2013 Unidade de Gest\u00e3o Assistencial 1 e professor efetivo da Faculdade Est\u00e1cio de S\u00e1 de Santa Catarina, atuando principalmente nos seguintes temas: Resson\u00e2ncia Magn\u00e9tica, Tomografia Computadorizada e Ultrassom.<\/p>\t\t\t\t\t\t\t\t<\/div>\n\t\t\t\t<\/div>\n\t\t\t\t\t<\/div>\n\t\t<\/div>\n\t\t\t\t\t<\/div>\n\t\t<\/section>\n\t\t\t\t<section class=\"elementor-section elementor-top-section elementor-element elementor-element-6d9e91f elementor-section-boxed elementor-section-height-default elementor-section-height-default\" data-id=\"6d9e91f\" data-element_type=\"section\" data-e-type=\"section\">\n\t\t\t\t\t\t<div class=\"elementor-container elementor-column-gap-default\">\n\t\t\t\t\t<div class=\"elementor-column elementor-col-100 elementor-top-column elementor-element elementor-element-1035f9b\" data-id=\"1035f9b\" data-element_type=\"column\" data-e-type=\"column\">\n\t\t\t<div class=\"elementor-widget-wrap elementor-element-populated\">\n\t\t\t\t\t\t<div class=\"elementor-element elementor-element-a88bbba elementor-widget-divider--view-line elementor-widget elementor-widget-divider\" data-id=\"a88bbba\" data-element_type=\"widget\" data-e-type=\"widget\" data-widget_type=\"divider.default\">\n\t\t\t\t<div class=\"elementor-widget-container\">\n\t\t\t\t\t\t\t<div class=\"elementor-divider\">\n\t\t\t<span class=\"elementor-divider-separator\">\n\t\t\t\t\t\t<\/span>\n\t\t<\/div>\n\t\t\t\t\t\t<\/div>\n\t\t\t\t<\/div>\n\t\t\t\t\t<\/div>\n\t\t<\/div>\n\t\t\t\t\t<\/div>\n\t\t<\/section>\n\t\t\t\t<section class=\"elementor-section elementor-top-section elementor-element elementor-element-e4d04e6 elementor-section-boxed elementor-section-height-default elementor-section-height-default\" data-id=\"e4d04e6\" data-element_type=\"section\" data-e-type=\"section\">\n\t\t\t\t\t\t<div class=\"elementor-container elementor-column-gap-default\">\n\t\t\t\t\t<div class=\"elementor-column elementor-col-50 elementor-top-column elementor-element elementor-element-050bf5f\" data-id=\"050bf5f\" data-element_type=\"column\" data-e-type=\"column\">\n\t\t\t<div class=\"elementor-widget-wrap elementor-element-populated\">\n\t\t\t\t\t\t<div class=\"elementor-element elementor-element-76c89f2 elementor-widget elementor-widget-image\" data-id=\"76c89f2\" data-element_type=\"widget\" data-e-type=\"widget\" data-widget_type=\"image.default\">\n\t\t\t\t<div class=\"elementor-widget-container\">\n\t\t\t\t\t\t\t\t\t\t\t\t\t\t\t<img loading=\"lazy\" decoding=\"async\" width=\"225\" height=\"300\" src=\"https:\/\/abcdi.org.br\/wp-content\/uploads\/2023\/03\/unnamed-8-225x300.png\" class=\"attachment-medium size-medium wp-image-4586\" alt=\"Arnaldo Lobo Neto (PA)\" srcset=\"https:\/\/abcdi.org.br\/wp-content\/uploads\/2023\/03\/unnamed-8-225x300.png 225w, https:\/\/abcdi.org.br\/wp-content\/uploads\/2023\/03\/unnamed-8.png 300w\" sizes=\"(max-width: 225px) 100vw, 225px\" \/>\t\t\t\t\t\t\t\t\t\t\t\t\t\t\t<\/div>\n\t\t\t\t<\/div>\n\t\t\t\t\t<\/div>\n\t\t<\/div>\n\t\t\t\t<div class=\"elementor-column elementor-col-50 elementor-top-column elementor-element elementor-element-96163bc\" data-id=\"96163bc\" data-element_type=\"column\" data-e-type=\"column\">\n\t\t\t<div class=\"elementor-widget-wrap elementor-element-populated\">\n\t\t\t\t\t\t<div class=\"elementor-element elementor-element-be8e84b elementor-widget elementor-widget-heading\" data-id=\"be8e84b\" data-element_type=\"widget\" data-e-type=\"widget\" data-widget_type=\"heading.default\">\n\t\t\t\t<div class=\"elementor-widget-container\">\n\t\t\t\t\t<h2 class=\"elementor-heading-title elementor-size-default\">Arnaldo Lobo Neto (PA)<br>Diretor da ABCDI | 2015-2016<\/h2>\t\t\t\t<\/div>\n\t\t\t\t<\/div>\n\t\t\t\t<div class=\"elementor-element elementor-element-0ddf064 elementor-widget elementor-widget-text-editor\" data-id=\"0ddf064\" data-element_type=\"widget\" data-e-type=\"widget\" data-widget_type=\"text-editor.default\">\n\t\t\t\t<div class=\"elementor-widget-container\">\n\t\t\t\t\t\t\t\t\t<p>Possui gradua\u00e7\u00e3o em Medicina pela Universidade Federal do Par\u00e1 (1974) e conclus\u00e3o do curso de Medicina na Universidade Federal do Rio de Janeiro (1975). Diploma de Medicina pela Universidade Federal do Par\u00e1 (dez. 1975). Resid\u00eancia M\u00e9dica no Instituto Estadual de Radiologia e Medicina Nuclear Manoel de Abreu (IERMN) RJ, Membro Titular do Col\u00e9gio Brasileiro de Radiologia. Fellowship em Tomografia Computadorizada no Hospital Civil de Charleroi B\u00e9lgica 1980; Fellowship em Resson\u00e2ncia Magn\u00e9tica pelo M.G.H.\/ Harvard Medical School Boston-MA, USA 1995. Atualmente \u00e9 M\u00e9dico Radiologista \u2013 Cl\u00ednica Radiol\u00f3gica Dr. Oct\u00e1vio Lobo, M\u00e9dico do Hospital Metropolitano e M\u00e9dico Radiologista do Hospital Ofir Loiola em Bel\u00e9m (PA) \u2013 Brasil. Tem experi\u00eancia na \u00e1rea de Medicina, com \u00eanfase em Radiologia M\u00e9dica.<\/p>\t\t\t\t\t\t\t\t<\/div>\n\t\t\t\t<\/div>\n\t\t\t\t\t<\/div>\n\t\t<\/div>\n\t\t\t\t\t<\/div>\n\t\t<\/section>\n\t\t\t\t<section class=\"elementor-section elementor-top-section elementor-element elementor-element-f1a9ef0 elementor-section-boxed elementor-section-height-default elementor-section-height-default\" data-id=\"f1a9ef0\" data-element_type=\"section\" data-e-type=\"section\">\n\t\t\t\t\t\t<div class=\"elementor-container elementor-column-gap-default\">\n\t\t\t\t\t<div class=\"elementor-column elementor-col-100 elementor-top-column elementor-element elementor-element-a66c362\" data-id=\"a66c362\" data-element_type=\"column\" data-e-type=\"column\">\n\t\t\t<div class=\"elementor-widget-wrap elementor-element-populated\">\n\t\t\t\t\t\t<div class=\"elementor-element elementor-element-b648d7c elementor-widget-divider--view-line elementor-widget elementor-widget-divider\" data-id=\"b648d7c\" data-element_type=\"widget\" data-e-type=\"widget\" data-widget_type=\"divider.default\">\n\t\t\t\t<div class=\"elementor-widget-container\">\n\t\t\t\t\t\t\t<div class=\"elementor-divider\">\n\t\t\t<span class=\"elementor-divider-separator\">\n\t\t\t\t\t\t<\/span>\n\t\t<\/div>\n\t\t\t\t\t\t<\/div>\n\t\t\t\t<\/div>\n\t\t\t\t\t<\/div>\n\t\t<\/div>\n\t\t\t\t\t<\/div>\n\t\t<\/section>\n\t\t\t\t<section class=\"elementor-section elementor-top-section elementor-element elementor-element-49ac86c elementor-section-boxed elementor-section-height-default elementor-section-height-default\" data-id=\"49ac86c\" data-element_type=\"section\" data-e-type=\"section\">\n\t\t\t\t\t\t<div class=\"elementor-container elementor-column-gap-default\">\n\t\t\t\t\t<div class=\"elementor-column elementor-col-50 elementor-top-column elementor-element elementor-element-29137b2\" data-id=\"29137b2\" data-element_type=\"column\" data-e-type=\"column\">\n\t\t\t<div class=\"elementor-widget-wrap elementor-element-populated\">\n\t\t\t\t\t\t<div class=\"elementor-element elementor-element-253e428 elementor-widget elementor-widget-image\" data-id=\"253e428\" data-element_type=\"widget\" data-e-type=\"widget\" data-widget_type=\"image.default\">\n\t\t\t\t<div class=\"elementor-widget-container\">\n\t\t\t\t\t\t\t\t\t\t\t\t\t\t\t<img loading=\"lazy\" decoding=\"async\" width=\"225\" height=\"300\" src=\"https:\/\/abcdi.org.br\/wp-content\/uploads\/2023\/03\/unnamed-7-225x300.png\" class=\"attachment-medium size-medium wp-image-4587\" alt=\"T\u00falio Augusto Macedo (MG)\" srcset=\"https:\/\/abcdi.org.br\/wp-content\/uploads\/2023\/03\/unnamed-7-225x300.png 225w, https:\/\/abcdi.org.br\/wp-content\/uploads\/2023\/03\/unnamed-7.png 300w\" sizes=\"(max-width: 225px) 100vw, 225px\" \/>\t\t\t\t\t\t\t\t\t\t\t\t\t\t\t<\/div>\n\t\t\t\t<\/div>\n\t\t\t\t\t<\/div>\n\t\t<\/div>\n\t\t\t\t<div class=\"elementor-column elementor-col-50 elementor-top-column elementor-element elementor-element-3f373a6\" data-id=\"3f373a6\" data-element_type=\"column\" data-e-type=\"column\">\n\t\t\t<div class=\"elementor-widget-wrap elementor-element-populated\">\n\t\t\t\t\t\t<div class=\"elementor-element elementor-element-f306e1d elementor-widget elementor-widget-heading\" data-id=\"f306e1d\" data-element_type=\"widget\" data-e-type=\"widget\" data-widget_type=\"heading.default\">\n\t\t\t\t<div class=\"elementor-widget-container\">\n\t\t\t\t\t<h2 class=\"elementor-heading-title elementor-size-default\">T\u00falio Augusto Macedo (MG)<br>Diretor da ABCDI | 2013-2014<\/h2>\t\t\t\t<\/div>\n\t\t\t\t<\/div>\n\t\t\t\t<div class=\"elementor-element elementor-element-efd6144 elementor-widget elementor-widget-text-editor\" data-id=\"efd6144\" data-element_type=\"widget\" data-e-type=\"widget\" data-widget_type=\"text-editor.default\">\n\t\t\t\t<div class=\"elementor-widget-container\">\n\t\t\t\t\t\t\t\t\t<p>Possui gradua\u00e7\u00e3o em Medicina pela Universidade Federal de Uberl\u00e2ndia (1999) e doutorado em Radiologia pela Universidade de S\u00e3o Paulo (2006). \u00c9 professor adjunto em Radiologia da Universidade Federal de Uberl\u00e2ndia (UFU). Membro Titular do Col\u00e9gio Brasileiro de Radiologia.<\/p>\t\t\t\t\t\t\t\t<\/div>\n\t\t\t\t<\/div>\n\t\t\t\t\t<\/div>\n\t\t<\/div>\n\t\t\t\t\t<\/div>\n\t\t<\/section>\n\t\t\t\t<section class=\"elementor-section elementor-top-section elementor-element elementor-element-c825dc9 elementor-section-boxed elementor-section-height-default elementor-section-height-default\" data-id=\"c825dc9\" data-element_type=\"section\" data-e-type=\"section\">\n\t\t\t\t\t\t<div class=\"elementor-container elementor-column-gap-default\">\n\t\t\t\t\t<div class=\"elementor-column elementor-col-100 elementor-top-column elementor-element elementor-element-6bc6b7e\" data-id=\"6bc6b7e\" data-element_type=\"column\" data-e-type=\"column\">\n\t\t\t<div class=\"elementor-widget-wrap elementor-element-populated\">\n\t\t\t\t\t\t<div class=\"elementor-element elementor-element-7059b9a elementor-widget-divider--view-line elementor-widget elementor-widget-divider\" data-id=\"7059b9a\" data-element_type=\"widget\" data-e-type=\"widget\" data-widget_type=\"divider.default\">\n\t\t\t\t<div class=\"elementor-widget-container\">\n\t\t\t\t\t\t\t<div class=\"elementor-divider\">\n\t\t\t<span class=\"elementor-divider-separator\">\n\t\t\t\t\t\t<\/span>\n\t\t<\/div>\n\t\t\t\t\t\t<\/div>\n\t\t\t\t<\/div>\n\t\t\t\t\t<\/div>\n\t\t<\/div>\n\t\t\t\t\t<\/div>\n\t\t<\/section>\n\t\t\t\t<section class=\"elementor-section elementor-top-section elementor-element elementor-element-daee03f elementor-section-boxed elementor-section-height-default elementor-section-height-default\" data-id=\"daee03f\" data-element_type=\"section\" data-e-type=\"section\">\n\t\t\t\t\t\t<div class=\"elementor-container elementor-column-gap-default\">\n\t\t\t\t\t<div class=\"elementor-column elementor-col-50 elementor-top-column elementor-element elementor-element-74c6b58\" data-id=\"74c6b58\" data-element_type=\"column\" data-e-type=\"column\">\n\t\t\t<div class=\"elementor-widget-wrap elementor-element-populated\">\n\t\t\t\t\t\t<div class=\"elementor-element elementor-element-6feb6d8 elementor-widget elementor-widget-image\" data-id=\"6feb6d8\" data-element_type=\"widget\" data-e-type=\"widget\" data-widget_type=\"image.default\">\n\t\t\t\t<div class=\"elementor-widget-container\">\n\t\t\t\t\t\t\t\t\t\t\t\t\t\t\t<img loading=\"lazy\" decoding=\"async\" width=\"225\" height=\"300\" src=\"https:\/\/abcdi.org.br\/wp-content\/uploads\/2023\/03\/unnamed-6.png\" class=\"attachment-large size-large wp-image-4588\" alt=\"C\u00edcero Aur\u00e9lio Sinisgalli J\u00fanior (SP)\" \/>\t\t\t\t\t\t\t\t\t\t\t\t\t\t\t<\/div>\n\t\t\t\t<\/div>\n\t\t\t\t\t<\/div>\n\t\t<\/div>\n\t\t\t\t<div class=\"elementor-column elementor-col-50 elementor-top-column elementor-element elementor-element-e89477e\" data-id=\"e89477e\" data-element_type=\"column\" data-e-type=\"column\">\n\t\t\t<div class=\"elementor-widget-wrap elementor-element-populated\">\n\t\t\t\t\t\t<div class=\"elementor-element elementor-element-6a3241d elementor-widget elementor-widget-heading\" data-id=\"6a3241d\" data-element_type=\"widget\" data-e-type=\"widget\" data-widget_type=\"heading.default\">\n\t\t\t\t<div class=\"elementor-widget-container\">\n\t\t\t\t\t<h2 class=\"elementor-heading-title elementor-size-default\">C\u00edcero Aur\u00e9lio Sinisgalli J\u00fanior (SP)<br>Diretor da ABCDI | 2011-2012<\/h2>\t\t\t\t<\/div>\n\t\t\t\t<\/div>\n\t\t\t\t\t<\/div>\n\t\t<\/div>\n\t\t\t\t\t<\/div>\n\t\t<\/section>\n\t\t\t\t<section class=\"elementor-section elementor-top-section elementor-element elementor-element-d950cee elementor-section-boxed elementor-section-height-default elementor-section-height-default\" data-id=\"d950cee\" data-element_type=\"section\" data-e-type=\"section\">\n\t\t\t\t\t\t<div class=\"elementor-container elementor-column-gap-default\">\n\t\t\t\t\t<div class=\"elementor-column elementor-col-100 elementor-top-column elementor-element elementor-element-e621ce0\" data-id=\"e621ce0\" data-element_type=\"column\" data-e-type=\"column\">\n\t\t\t<div class=\"elementor-widget-wrap elementor-element-populated\">\n\t\t\t\t\t\t<div class=\"elementor-element elementor-element-433a4cf elementor-widget-divider--view-line elementor-widget elementor-widget-divider\" data-id=\"433a4cf\" data-element_type=\"widget\" data-e-type=\"widget\" data-widget_type=\"divider.default\">\n\t\t\t\t<div class=\"elementor-widget-container\">\n\t\t\t\t\t\t\t<div class=\"elementor-divider\">\n\t\t\t<span class=\"elementor-divider-separator\">\n\t\t\t\t\t\t<\/span>\n\t\t<\/div>\n\t\t\t\t\t\t<\/div>\n\t\t\t\t<\/div>\n\t\t\t\t\t<\/div>\n\t\t<\/div>\n\t\t\t\t\t<\/div>\n\t\t<\/section>\n\t\t\t\t<section class=\"elementor-section elementor-top-section elementor-element elementor-element-46bb5a4 elementor-section-boxed elementor-section-height-default elementor-section-height-default\" data-id=\"46bb5a4\" data-element_type=\"section\" data-e-type=\"section\">\n\t\t\t\t\t\t<div class=\"elementor-container elementor-column-gap-default\">\n\t\t\t\t\t<div class=\"elementor-column elementor-col-50 elementor-top-column elementor-element elementor-element-f8e191e\" data-id=\"f8e191e\" data-element_type=\"column\" data-e-type=\"column\">\n\t\t\t<div class=\"elementor-widget-wrap elementor-element-populated\">\n\t\t\t\t\t\t<div class=\"elementor-element elementor-element-7d82478 elementor-widget elementor-widget-image\" data-id=\"7d82478\" data-element_type=\"widget\" data-e-type=\"widget\" data-widget_type=\"image.default\">\n\t\t\t\t<div class=\"elementor-widget-container\">\n\t\t\t\t\t\t\t\t\t\t\t\t\t\t\t<img loading=\"lazy\" decoding=\"async\" width=\"225\" height=\"300\" src=\"https:\/\/abcdi.org.br\/wp-content\/uploads\/2023\/03\/unnamed-5.png\" class=\"attachment-large size-large wp-image-4589\" alt=\"Andr\u00e9 Luiz Passos (SE)\" \/>\t\t\t\t\t\t\t\t\t\t\t\t\t\t\t<\/div>\n\t\t\t\t<\/div>\n\t\t\t\t\t<\/div>\n\t\t<\/div>\n\t\t\t\t<div class=\"elementor-column elementor-col-50 elementor-top-column elementor-element elementor-element-e25812c\" data-id=\"e25812c\" data-element_type=\"column\" data-e-type=\"column\">\n\t\t\t<div class=\"elementor-widget-wrap elementor-element-populated\">\n\t\t\t\t\t\t<div class=\"elementor-element elementor-element-e8feeae elementor-widget elementor-widget-heading\" data-id=\"e8feeae\" data-element_type=\"widget\" data-e-type=\"widget\" data-widget_type=\"heading.default\">\n\t\t\t\t<div class=\"elementor-widget-container\">\n\t\t\t\t\t<h2 class=\"elementor-heading-title elementor-size-default\">Andr\u00e9 Luiz Passos (SE)<br>Diretor da ABCDI | 2010-2011<\/h2>\t\t\t\t<\/div>\n\t\t\t\t<\/div>\n\t\t\t\t<div class=\"elementor-element elementor-element-15cdc43 elementor-widget elementor-widget-text-editor\" data-id=\"15cdc43\" data-element_type=\"widget\" data-e-type=\"widget\" data-widget_type=\"text-editor.default\">\n\t\t\t\t<div class=\"elementor-widget-container\">\n\t\t\t\t\t\t\t\t\t<p>Coordenador M\u00e9dico da empresa Telelaudo S\u00f3cio Propriet\u00e1rio de Empresa de Diagn\u00f3stico por Imagem Atua\u00e7\u00e3o em Diagn\u00f3stico por Imagem.<\/p><p>Assessoria em aquisi\u00e7\u00e3o de equipamentos de Diagn\u00f3stico por Imagem Assessoria em gest\u00e3o de servi\u00e7os de Diagn\u00f3stico por Imagem Laudos m\u00e9dicos em RM, TC, RX, DO.<\/p>\t\t\t\t\t\t\t\t<\/div>\n\t\t\t\t<\/div>\n\t\t\t\t\t<\/div>\n\t\t<\/div>\n\t\t\t\t\t<\/div>\n\t\t<\/section>\n\t\t\t\t<section class=\"elementor-section elementor-top-section elementor-element elementor-element-d10b677 elementor-section-boxed elementor-section-height-default elementor-section-height-default\" data-id=\"d10b677\" data-element_type=\"section\" data-e-type=\"section\">\n\t\t\t\t\t\t<div class=\"elementor-container elementor-column-gap-default\">\n\t\t\t\t\t<div class=\"elementor-column elementor-col-100 elementor-top-column elementor-element elementor-element-8777916\" data-id=\"8777916\" data-element_type=\"column\" data-e-type=\"column\">\n\t\t\t<div class=\"elementor-widget-wrap elementor-element-populated\">\n\t\t\t\t\t\t<div class=\"elementor-element elementor-element-74e1864 elementor-widget-divider--view-line elementor-widget elementor-widget-divider\" data-id=\"74e1864\" data-element_type=\"widget\" data-e-type=\"widget\" data-widget_type=\"divider.default\">\n\t\t\t\t<div class=\"elementor-widget-container\">\n\t\t\t\t\t\t\t<div class=\"elementor-divider\">\n\t\t\t<span class=\"elementor-divider-separator\">\n\t\t\t\t\t\t<\/span>\n\t\t<\/div>\n\t\t\t\t\t\t<\/div>\n\t\t\t\t<\/div>\n\t\t\t\t\t<\/div>\n\t\t<\/div>\n\t\t\t\t\t<\/div>\n\t\t<\/section>\n\t\t\t\t<section class=\"elementor-section elementor-top-section elementor-element elementor-element-be6e586 elementor-section-boxed elementor-section-height-default elementor-section-height-default\" data-id=\"be6e586\" data-element_type=\"section\" data-e-type=\"section\">\n\t\t\t\t\t\t<div class=\"elementor-container elementor-column-gap-default\">\n\t\t\t\t\t<div class=\"elementor-column elementor-col-50 elementor-top-column elementor-element elementor-element-675b218\" data-id=\"675b218\" data-element_type=\"column\" data-e-type=\"column\">\n\t\t\t<div class=\"elementor-widget-wrap elementor-element-populated\">\n\t\t\t\t\t\t<div class=\"elementor-element elementor-element-e371047 elementor-widget elementor-widget-image\" data-id=\"e371047\" data-element_type=\"widget\" data-e-type=\"widget\" data-widget_type=\"image.default\">\n\t\t\t\t<div class=\"elementor-widget-container\">\n\t\t\t\t\t\t\t\t\t\t\t\t\t\t\t<img loading=\"lazy\" decoding=\"async\" width=\"225\" height=\"300\" src=\"https:\/\/abcdi.org.br\/wp-content\/uploads\/2023\/03\/unnamed-4-225x300.png\" class=\"attachment-medium size-medium wp-image-4580\" alt=\"Carlos Alberto Ximenes (GO)\" srcset=\"https:\/\/abcdi.org.br\/wp-content\/uploads\/2023\/03\/unnamed-4-225x300.png 225w, https:\/\/abcdi.org.br\/wp-content\/uploads\/2023\/03\/unnamed-4.png 300w\" sizes=\"(max-width: 225px) 100vw, 225px\" \/>\t\t\t\t\t\t\t\t\t\t\t\t\t\t\t<\/div>\n\t\t\t\t<\/div>\n\t\t\t\t\t<\/div>\n\t\t<\/div>\n\t\t\t\t<div class=\"elementor-column elementor-col-50 elementor-top-column elementor-element elementor-element-465da58\" data-id=\"465da58\" data-element_type=\"column\" data-e-type=\"column\">\n\t\t\t<div class=\"elementor-widget-wrap elementor-element-populated\">\n\t\t\t\t\t\t<div class=\"elementor-element elementor-element-12a6496 elementor-widget elementor-widget-heading\" data-id=\"12a6496\" data-element_type=\"widget\" data-e-type=\"widget\" data-widget_type=\"heading.default\">\n\t\t\t\t<div class=\"elementor-widget-container\">\n\t\t\t\t\t<h2 class=\"elementor-heading-title elementor-size-default\">Carlos Alberto Ximenes (GO)<br>Diretor da ABCDI | 2009-2010<\/h2>\t\t\t\t<\/div>\n\t\t\t\t<\/div>\n\t\t\t\t<div class=\"elementor-element elementor-element-fac0135 elementor-widget elementor-widget-text-editor\" data-id=\"fac0135\" data-element_type=\"widget\" data-e-type=\"widget\" data-widget_type=\"text-editor.default\">\n\t\t\t\t<div class=\"elementor-widget-container\">\n\t\t\t\t\t\t\t\t\t<p>Possui gradua\u00e7\u00e3o em Medicina pela Escola de Medicina e Cirurgia do Rio de Janeiro(1972). Atualmente \u00e9 Professor Adjunto da Universidade Federal de Goi\u00e1s. Tem experi\u00eancia na \u00e1rea de Medicina, com \u00eanfase em Radiologia M\u00e9dica.<\/p>\t\t\t\t\t\t\t\t<\/div>\n\t\t\t\t<\/div>\n\t\t\t\t\t<\/div>\n\t\t<\/div>\n\t\t\t\t\t<\/div>\n\t\t<\/section>\n\t\t\t\t<section class=\"elementor-section elementor-top-section elementor-element elementor-element-def4dac elementor-section-boxed elementor-section-height-default elementor-section-height-default\" data-id=\"def4dac\" data-element_type=\"section\" data-e-type=\"section\">\n\t\t\t\t\t\t<div class=\"elementor-container elementor-column-gap-default\">\n\t\t\t\t\t<div class=\"elementor-column elementor-col-100 elementor-top-column elementor-element elementor-element-48456ce\" data-id=\"48456ce\" data-element_type=\"column\" data-e-type=\"column\">\n\t\t\t<div class=\"elementor-widget-wrap elementor-element-populated\">\n\t\t\t\t\t\t<div class=\"elementor-element elementor-element-c1bca6a elementor-widget-divider--view-line elementor-widget elementor-widget-divider\" data-id=\"c1bca6a\" data-element_type=\"widget\" data-e-type=\"widget\" data-widget_type=\"divider.default\">\n\t\t\t\t<div class=\"elementor-widget-container\">\n\t\t\t\t\t\t\t<div class=\"elementor-divider\">\n\t\t\t<span class=\"elementor-divider-separator\">\n\t\t\t\t\t\t<\/span>\n\t\t<\/div>\n\t\t\t\t\t\t<\/div>\n\t\t\t\t<\/div>\n\t\t\t\t\t<\/div>\n\t\t<\/div>\n\t\t\t\t\t<\/div>\n\t\t<\/section>\n\t\t\t\t<section class=\"elementor-section elementor-top-section elementor-element elementor-element-87d3081 elementor-section-boxed elementor-section-height-default elementor-section-height-default\" data-id=\"87d3081\" data-element_type=\"section\" data-e-type=\"section\">\n\t\t\t\t\t\t<div class=\"elementor-container elementor-column-gap-default\">\n\t\t\t\t\t<div class=\"elementor-column elementor-col-50 elementor-top-column elementor-element elementor-element-572e8c8\" data-id=\"572e8c8\" data-element_type=\"column\" data-e-type=\"column\">\n\t\t\t<div class=\"elementor-widget-wrap elementor-element-populated\">\n\t\t\t\t\t\t<div class=\"elementor-element elementor-element-eb7b667 elementor-widget elementor-widget-image\" data-id=\"eb7b667\" data-element_type=\"widget\" data-e-type=\"widget\" data-widget_type=\"image.default\">\n\t\t\t\t<div class=\"elementor-widget-container\">\n\t\t\t\t\t\t\t\t\t\t\t\t\t\t\t<img loading=\"lazy\" decoding=\"async\" width=\"225\" height=\"300\" src=\"https:\/\/abcdi.org.br\/wp-content\/uploads\/2023\/03\/unnamed-3.png\" class=\"attachment-medium size-medium wp-image-4581\" alt=\"Giuseppe D\u2019Ippolito (SP)\" \/>\t\t\t\t\t\t\t\t\t\t\t\t\t\t\t<\/div>\n\t\t\t\t<\/div>\n\t\t\t\t\t<\/div>\n\t\t<\/div>\n\t\t\t\t<div class=\"elementor-column elementor-col-50 elementor-top-column elementor-element elementor-element-d6e49cd\" data-id=\"d6e49cd\" data-element_type=\"column\" data-e-type=\"column\">\n\t\t\t<div class=\"elementor-widget-wrap elementor-element-populated\">\n\t\t\t\t\t\t<div class=\"elementor-element elementor-element-81d3037 elementor-widget elementor-widget-heading\" data-id=\"81d3037\" data-element_type=\"widget\" data-e-type=\"widget\" data-widget_type=\"heading.default\">\n\t\t\t\t<div class=\"elementor-widget-container\">\n\t\t\t\t\t<h2 class=\"elementor-heading-title elementor-size-default\">Giuseppe D\u2019Ippolito (SP)<br>Diretor da ABCDI | 2005-2008<\/h2>\t\t\t\t<\/div>\n\t\t\t\t<\/div>\n\t\t\t\t<div class=\"elementor-element elementor-element-2aa59ef elementor-widget elementor-widget-text-editor\" data-id=\"2aa59ef\" data-element_type=\"widget\" data-e-type=\"widget\" data-widget_type=\"text-editor.default\">\n\t\t\t\t<div class=\"elementor-widget-container\">\n\t\t\t\t\t\t\t\t\t<p>Possui gradua\u00e7\u00e3o em Medicina pela Universidade de Santo Amaro (1984), resid\u00eancia medica em diagnostico por imagem pela Escola Paulista de Medicina ( 1987), t\u00edtulo de specialista pelo CBR (1987), especializa\u00e7\u00e3o em RM pelo Instituto Nazionale di Tumori do Mil\u00e3o (1989), mestrado em Medicina (Radiologia Clinica) pela Universidade Federal de S\u00e3o Paulo (1992) e doutorado em Medicina (Radiologia Clinica) pela Universidade Federal de S\u00e3o Paulo (1996) e p\u00f3s-doutorado pela Harvard Medical School (2002). Foi coordenador do programa de pos-gradua\u00e7\u00e3o em Radiologia Cl\u00ednica da EPM-UNIFESP durante os anos de2007 a 2012 e inaugurou o Programa de Mestrado Profissional Ligado \u00e0 Resid\u00eancia M\u00e9dica (MEPAREM) da EPM-UNIFESP, sendo o seu coordenador entre 2011 e 2013. Em 2013 participou de programa de p\u00f3s-doutorado na Universidade de Pisa (It\u00e1lia) e foi recebido como Professor visitante. Atualmente \u00e9 professor adjunto Livre Docente da Universidade Federal de S\u00e3o Paulo. Tem experi\u00eancia na \u00e1rea de Radiologia Cl\u00ednica, com \u00eanfase em Diagn\u00f3stico por Imagem do Sistema Digest\u00f3rio, atuando principalmente nos seguintes temas: tomografia computadorizada, resson\u00e2ncia magn\u00e9tica, f\u00edgado, vias biliares, p\u00e2ncreas, tubo digest\u00f3rio e abdome agudo.<\/p>\t\t\t\t\t\t\t\t<\/div>\n\t\t\t\t<\/div>\n\t\t\t\t\t<\/div>\n\t\t<\/div>\n\t\t\t\t\t<\/div>\n\t\t<\/section>\n\t\t\t\t<section class=\"elementor-section elementor-top-section elementor-element elementor-element-705b4ea elementor-section-boxed elementor-section-height-default elementor-section-height-default\" data-id=\"705b4ea\" data-element_type=\"section\" data-e-type=\"section\">\n\t\t\t\t\t\t<div class=\"elementor-container elementor-column-gap-default\">\n\t\t\t\t\t<div class=\"elementor-column elementor-col-100 elementor-top-column elementor-element elementor-element-e359507\" data-id=\"e359507\" data-element_type=\"column\" data-e-type=\"column\">\n\t\t\t<div class=\"elementor-widget-wrap elementor-element-populated\">\n\t\t\t\t\t\t<div class=\"elementor-element elementor-element-65636de elementor-widget-divider--view-line elementor-widget elementor-widget-divider\" data-id=\"65636de\" data-element_type=\"widget\" data-e-type=\"widget\" data-widget_type=\"divider.default\">\n\t\t\t\t<div class=\"elementor-widget-container\">\n\t\t\t\t\t\t\t<div class=\"elementor-divider\">\n\t\t\t<span class=\"elementor-divider-separator\">\n\t\t\t\t\t\t<\/span>\n\t\t<\/div>\n\t\t\t\t\t\t<\/div>\n\t\t\t\t<\/div>\n\t\t\t\t\t<\/div>\n\t\t<\/div>\n\t\t\t\t\t<\/div>\n\t\t<\/section>\n\t\t\t\t<section class=\"elementor-section elementor-top-section elementor-element elementor-element-a7e340d elementor-section-boxed elementor-section-height-default elementor-section-height-default\" data-id=\"a7e340d\" data-element_type=\"section\" data-e-type=\"section\">\n\t\t\t\t\t\t<div class=\"elementor-container elementor-column-gap-default\">\n\t\t\t\t\t<div class=\"elementor-column elementor-col-50 elementor-top-column elementor-element elementor-element-f473e64\" data-id=\"f473e64\" data-element_type=\"column\" data-e-type=\"column\">\n\t\t\t<div class=\"elementor-widget-wrap elementor-element-populated\">\n\t\t\t\t\t\t<div class=\"elementor-element elementor-element-ce8da73 elementor-widget elementor-widget-image\" data-id=\"ce8da73\" data-element_type=\"widget\" data-e-type=\"widget\" data-widget_type=\"image.default\">\n\t\t\t\t<div class=\"elementor-widget-container\">\n\t\t\t\t\t\t\t\t\t\t\t\t\t\t\t<img loading=\"lazy\" decoding=\"async\" width=\"225\" height=\"300\" src=\"https:\/\/abcdi.org.br\/wp-content\/uploads\/2023\/03\/unnamed-2.png\" class=\"attachment-medium size-medium wp-image-4582\" alt=\"Paulo Cesar Sanvitto (RS)\" \/>\t\t\t\t\t\t\t\t\t\t\t\t\t\t\t<\/div>\n\t\t\t\t<\/div>\n\t\t\t\t\t<\/div>\n\t\t<\/div>\n\t\t\t\t<div class=\"elementor-column elementor-col-50 elementor-top-column elementor-element elementor-element-42ae20f\" data-id=\"42ae20f\" data-element_type=\"column\" data-e-type=\"column\">\n\t\t\t<div class=\"elementor-widget-wrap elementor-element-populated\">\n\t\t\t\t\t\t<div class=\"elementor-element elementor-element-570ce3b elementor-widget elementor-widget-heading\" data-id=\"570ce3b\" data-element_type=\"widget\" data-e-type=\"widget\" data-widget_type=\"heading.default\">\n\t\t\t\t<div class=\"elementor-widget-container\">\n\t\t\t\t\t<h2 class=\"elementor-heading-title elementor-size-default\">Paulo Cesar Sanvitto (RS)<br>Diretor da ABCDI | 2002-2004<\/h2>\t\t\t\t<\/div>\n\t\t\t\t<\/div>\n\t\t\t\t<div class=\"elementor-element elementor-element-fd38ebd elementor-widget elementor-widget-text-editor\" data-id=\"fd38ebd\" data-element_type=\"widget\" data-e-type=\"widget\" data-widget_type=\"text-editor.default\">\n\t\t\t\t<div class=\"elementor-widget-container\">\n\t\t\t\t\t\t\t\t\t<p>Graduado em Medicina pela Funda\u00e7\u00e3o Faculdade de Ci\u00eancias M\u00e9dicas de Porto Alegre (1980). M\u00e9dico Radiologista do Hospital Moinhos de Vento (1988-2018). Membro da Dire\u00e7\u00e3o da Sociedade Ga\u00facha de Radiologia (1996-2002) e membro da dire\u00e7\u00e3o do Col\u00e9gio Brasileiro de Radiologia e Diagn\u00f3stico por Imagem (2001-2005). Tem experi\u00eancia Medicina com \u00eanfase em Radiologia e Diagn\u00f3stico por Imagem, atuando principalmente nos seguintes sub-especialidades: Radiologia Geral, Diagnostico por Imagem do Abdome e Radiologia Geral e Intervencionista (1983-2009). Chefe da Unidade de Diagn\u00f3stico por imagem do Hospital Moinhos de Vento (2004-2014). Gerente de Neg\u00f3cios M\u00e9dicos do Hospital Moinhos de Vento (2014-2018). Atualmente presidente do Conselho de Administra\u00e7\u00e3o da Finansinos Cr\u00e9dito Financiamento e Investimentos S.A. e aluno especial do Programa de P\u00f3s-Gradua\u00e7\u00e3o em Filosofia da Escola de Humanidades da PUCRS.<\/p>\t\t\t\t\t\t\t\t<\/div>\n\t\t\t\t<\/div>\n\t\t\t\t\t<\/div>\n\t\t<\/div>\n\t\t\t\t\t<\/div>\n\t\t<\/section>\n\t\t\t\t<section class=\"elementor-section elementor-top-section elementor-element elementor-element-9d606a8 elementor-section-boxed elementor-section-height-default elementor-section-height-default\" data-id=\"9d606a8\" data-element_type=\"section\" data-e-type=\"section\">\n\t\t\t\t\t\t<div class=\"elementor-container elementor-column-gap-default\">\n\t\t\t\t\t<div class=\"elementor-column elementor-col-100 elementor-top-column elementor-element elementor-element-9099224\" data-id=\"9099224\" data-element_type=\"column\" data-e-type=\"column\">\n\t\t\t<div class=\"elementor-widget-wrap elementor-element-populated\">\n\t\t\t\t\t\t<div class=\"elementor-element elementor-element-f96a9fe elementor-widget-divider--view-line elementor-widget elementor-widget-divider\" data-id=\"f96a9fe\" data-element_type=\"widget\" data-e-type=\"widget\" data-widget_type=\"divider.default\">\n\t\t\t\t<div class=\"elementor-widget-container\">\n\t\t\t\t\t\t\t<div class=\"elementor-divider\">\n\t\t\t<span class=\"elementor-divider-separator\">\n\t\t\t\t\t\t<\/span>\n\t\t<\/div>\n\t\t\t\t\t\t<\/div>\n\t\t\t\t<\/div>\n\t\t\t\t\t<\/div>\n\t\t<\/div>\n\t\t\t\t\t<\/div>\n\t\t<\/section>\n\t\t\t\t<section class=\"elementor-section elementor-top-section elementor-element elementor-element-26c53f6 elementor-section-boxed elementor-section-height-default elementor-section-height-default\" data-id=\"26c53f6\" data-element_type=\"section\" data-e-type=\"section\">\n\t\t\t\t\t\t<div class=\"elementor-container elementor-column-gap-default\">\n\t\t\t\t\t<div class=\"elementor-column elementor-col-50 elementor-top-column elementor-element elementor-element-655952f\" data-id=\"655952f\" data-element_type=\"column\" data-e-type=\"column\">\n\t\t\t<div class=\"elementor-widget-wrap elementor-element-populated\">\n\t\t\t\t\t\t<div class=\"elementor-element elementor-element-84120d8 elementor-widget elementor-widget-image\" data-id=\"84120d8\" data-element_type=\"widget\" data-e-type=\"widget\" data-widget_type=\"image.default\">\n\t\t\t\t<div class=\"elementor-widget-container\">\n\t\t\t\t\t\t\t\t\t\t\t\t\t\t\t<img loading=\"lazy\" decoding=\"async\" width=\"225\" height=\"300\" src=\"https:\/\/abcdi.org.br\/wp-content\/uploads\/2023\/03\/unnamed-1.png\" class=\"attachment-medium size-medium wp-image-4583\" alt=\"Romeu Cort\u00eas Domingues (RJ)\" \/>\t\t\t\t\t\t\t\t\t\t\t\t\t\t\t<\/div>\n\t\t\t\t<\/div>\n\t\t\t\t\t<\/div>\n\t\t<\/div>\n\t\t\t\t<div class=\"elementor-column elementor-col-50 elementor-top-column elementor-element elementor-element-6053610\" data-id=\"6053610\" data-element_type=\"column\" data-e-type=\"column\">\n\t\t\t<div class=\"elementor-widget-wrap elementor-element-populated\">\n\t\t\t\t\t\t<div class=\"elementor-element elementor-element-839d10c elementor-widget elementor-widget-heading\" data-id=\"839d10c\" data-element_type=\"widget\" data-e-type=\"widget\" data-widget_type=\"heading.default\">\n\t\t\t\t<div class=\"elementor-widget-container\">\n\t\t\t\t\t<h2 class=\"elementor-heading-title elementor-size-default\">Romeu Cort\u00eas Domingues (RJ)<br>Diretor da ABCDI | 2002-2004<\/h2>\t\t\t\t<\/div>\n\t\t\t\t<\/div>\n\t\t\t\t<div class=\"elementor-element elementor-element-e267200 elementor-widget elementor-widget-text-editor\" data-id=\"e267200\" data-element_type=\"widget\" data-e-type=\"widget\" data-widget_type=\"text-editor.default\">\n\t\t\t\t<div class=\"elementor-widget-container\">\n\t\t\t\t\t\t\t\t\t<p>Possui gradua\u00e7\u00e3o em Medicina pela Universidade Federal do Rio de Janeiro (1994). Atualmente \u00e9 m\u00e9dico radiologista \u2013 Cl\u00ednica de Diagn\u00f3stico Por Imagem, diretor m\u00e9dico \u2013 Cl\u00ednica de Resson\u00e2ncia Magn\u00e9tica Multi-Imagem e m\u00e9dico radiologista \u2013 Cl\u00ednica de Resson\u00e2ncia Magn\u00e9tica Multi-Imagem. Tem experi\u00eancia na \u00e1rea de Medicina, com \u00eanfase em Radiologia M\u00e9dica.<\/p>\t\t\t\t\t\t\t\t<\/div>\n\t\t\t\t<\/div>\n\t\t\t\t\t<\/div>\n\t\t<\/div>\n\t\t\t\t\t<\/div>\n\t\t<\/section>\n\t\t\t\t<\/div>\n\t\t","protected":false},"excerpt":{"rendered":"<p>Confira nossa hist\u00f3ria e hist\u00f3rico de diretores pela linha do tempo Nos \u00faltimos anos, a ABCDI concentrou seus esfor\u00e7os para criar e levar conte\u00fado, insumos t\u00e9cnicos, estrat\u00e9gicos e materiais at\u00e9 seus associados e demais participantes do mercado de gest\u00e3o cl\u00ednica.\u00a0Hoje a ABCDI disp\u00f5e de uma rede de 225 cl\u00ednicas associadas, segmentadas por seu porte. A [&hellip;]<\/p>\n","protected":false},"author":1,"featured_media":0,"parent":0,"menu_order":0,"comment_status":"closed","ping_status":"closed","template":"","meta":{"site-sidebar-layout":"no-sidebar","site-content-layout":"page-builder","ast-site-content-layout":"default","site-content-style":"default","site-sidebar-style":"default","ast-global-header-display":"","ast-banner-title-visibility":"","ast-main-header-display":"","ast-hfb-above-header-display":"","ast-hfb-below-header-display":"","ast-hfb-mobile-header-display":"","site-post-title":"disabled","ast-breadcrumbs-content":"","ast-featured-img":"disabled","footer-sml-layout":"","ast-disable-related-posts":"","theme-transparent-header-meta":"","adv-header-id-meta":"","stick-header-meta":"","header-above-stick-meta":"","header-main-stick-meta":"","header-below-stick-meta":"","astra-migrate-meta-layouts":"default","ast-page-background-enabled":"default","ast-page-background-meta":{"desktop":{"background-color":"var(--ast-global-color-4)","background-image":"","background-repeat":"repeat","background-position":"center center","background-size":"auto","background-attachment":"scroll","background-type":"","background-media":"","overlay-type":"","overlay-color":"","overlay-opacity":"","overlay-gradient":""},"tablet":{"background-color":"","background-image":"","background-repeat":"repeat","background-position":"center center","background-size":"auto","background-attachment":"scroll","background-type":"","background-media":"","overlay-type":"","overlay-color":"","overlay-opacity":"","overlay-gradient":""},"mobile":{"background-color":"","background-image":"","background-repeat":"repeat","background-position":"center center","background-size":"auto","background-attachment":"scroll","background-type":"","background-media":"","overlay-type":"","overlay-color":"","overlay-opacity":"","overlay-gradient":""}},"ast-content-background-meta":{"desktop":{"background-color":"var(--ast-global-color-5)","background-image":"","background-repeat":"repeat","background-position":"center center","background-size":"auto","background-attachment":"scroll","background-type":"","background-media":"","overlay-type":"","overlay-color":"","overlay-opacity":"","overlay-gradient":""},"tablet":{"background-color":"var(--ast-global-color-5)","background-image":"","background-repeat":"repeat","background-position":"center center","background-size":"auto","background-attachment":"scroll","background-type":"","background-media":"","overlay-type":"","overlay-color":"","overlay-opacity":"","overlay-gradient":""},"mobile":{"background-color":"var(--ast-global-color-5)","background-image":"","background-repeat":"repeat","background-position":"center center","background-size":"auto","background-attachment":"scroll","background-type":"","background-media":"","overlay-type":"","overlay-color":"","overlay-opacity":"","overlay-gradient":""}},"footnotes":""},"class_list":["post-389","page","type-page","status-publish","hentry"],"yoast_head":"<!-- This site is optimized with the Yoast SEO plugin v27.5 - https:\/\/yoast.com\/product\/yoast-seo-wordpress\/ -->\n<title>Galeria de Diretores<\/title>\n<meta name=\"description\" content=\"Nos \u00faltimos anos, a ABCDI concentrou seus esfor\u00e7os para criar e levar conte\u00fado, insumos t\u00e9cnicos, estrat\u00e9gicos e materiais at\u00e9 seus associados e demais participantes do mercado de gest\u00e3o cl\u00ednica.\" \/>\n<meta name=\"robots\" content=\"index, follow, max-snippet:-1, max-image-preview:large, max-video-preview:-1\" \/>\n<link rel=\"canonical\" href=\"https:\/\/abcdi.org.br\/index.php\/galeria-de-diretores\/\" \/>\n<meta property=\"og:locale\" content=\"pt_BR\" \/>\n<meta property=\"og:type\" content=\"article\" \/>\n<meta property=\"og:title\" content=\"Galeria de Diretores\" \/>\n<meta property=\"og:description\" content=\"Nos \u00faltimos anos, a ABCDI concentrou seus esfor\u00e7os para criar e levar conte\u00fado, insumos t\u00e9cnicos, estrat\u00e9gicos e materiais at\u00e9 seus associados e demais participantes do mercado de gest\u00e3o cl\u00ednica.\" \/>\n<meta property=\"og:url\" content=\"https:\/\/abcdi.org.br\/index.php\/galeria-de-diretores\/\" \/>\n<meta property=\"article:modified_time\" content=\"2024-12-17T14:40:16+00:00\" \/>\n<meta property=\"og:image\" content=\"https:\/\/abcdi.org.br\/wp-content\/uploads\/2024\/12\/ricardo_rocha-225x300.jpg\" \/>\n<meta name=\"twitter:card\" content=\"summary_large_image\" \/>\n<meta name=\"twitter:label1\" content=\"Est. tempo de leitura\" \/>\n\t<meta name=\"twitter:data1\" content=\"10 minutos\" \/>\n<script type=\"application\/ld+json\" class=\"yoast-schema-graph\">{\"@context\":\"https:\\\/\\\/schema.org\",\"@graph\":[{\"@type\":\"WebPage\",\"@id\":\"https:\\\/\\\/abcdi.org.br\\\/index.php\\\/galeria-de-diretores\\\/\",\"url\":\"https:\\\/\\\/abcdi.org.br\\\/index.php\\\/galeria-de-diretores\\\/\",\"name\":\"Galeria de Diretores\",\"isPartOf\":{\"@id\":\"https:\\\/\\\/abcdi.org.br\\\/#website\"},\"primaryImageOfPage\":{\"@id\":\"https:\\\/\\\/abcdi.org.br\\\/index.php\\\/galeria-de-diretores\\\/#primaryimage\"},\"image\":{\"@id\":\"https:\\\/\\\/abcdi.org.br\\\/index.php\\\/galeria-de-diretores\\\/#primaryimage\"},\"thumbnailUrl\":\"https:\\\/\\\/abcdi.org.br\\\/wp-content\\\/uploads\\\/2024\\\/12\\\/ricardo_rocha-225x300.jpg\",\"datePublished\":\"2022-02-04T15:45:09+00:00\",\"dateModified\":\"2024-12-17T14:40:16+00:00\",\"description\":\"Nos \u00faltimos anos, a ABCDI concentrou seus esfor\u00e7os para criar e levar conte\u00fado, insumos t\u00e9cnicos, estrat\u00e9gicos e materiais at\u00e9 seus associados e demais participantes do mercado de gest\u00e3o cl\u00ednica.\",\"breadcrumb\":{\"@id\":\"https:\\\/\\\/abcdi.org.br\\\/index.php\\\/galeria-de-diretores\\\/#breadcrumb\"},\"inLanguage\":\"pt-BR\",\"potentialAction\":[{\"@type\":\"ReadAction\",\"target\":[\"https:\\\/\\\/abcdi.org.br\\\/index.php\\\/galeria-de-diretores\\\/\"]}]},{\"@type\":\"ImageObject\",\"inLanguage\":\"pt-BR\",\"@id\":\"https:\\\/\\\/abcdi.org.br\\\/index.php\\\/galeria-de-diretores\\\/#primaryimage\",\"url\":\"https:\\\/\\\/abcdi.org.br\\\/wp-content\\\/uploads\\\/2024\\\/12\\\/ricardo_rocha.jpg\",\"contentUrl\":\"https:\\\/\\\/abcdi.org.br\\\/wp-content\\\/uploads\\\/2024\\\/12\\\/ricardo_rocha.jpg\",\"width\":300,\"height\":400},{\"@type\":\"BreadcrumbList\",\"@id\":\"https:\\\/\\\/abcdi.org.br\\\/index.php\\\/galeria-de-diretores\\\/#breadcrumb\",\"itemListElement\":[{\"@type\":\"ListItem\",\"position\":1,\"name\":\"In\u00edcio\",\"item\":\"https:\\\/\\\/abcdi.org.br\\\/\"},{\"@type\":\"ListItem\",\"position\":2,\"name\":\"Galeria de Diretores\"}]},{\"@type\":\"WebSite\",\"@id\":\"https:\\\/\\\/abcdi.org.br\\\/#website\",\"url\":\"https:\\\/\\\/abcdi.org.br\\\/\",\"name\":\"\",\"description\":\"ABCDI - Associa\u00e7\u00e3o Brasileira de Cl\u00ednicas de Diagnostico por Imagem\",\"potentialAction\":[{\"@type\":\"SearchAction\",\"target\":{\"@type\":\"EntryPoint\",\"urlTemplate\":\"https:\\\/\\\/abcdi.org.br\\\/?s={search_term_string}\"},\"query-input\":{\"@type\":\"PropertyValueSpecification\",\"valueRequired\":true,\"valueName\":\"search_term_string\"}}],\"inLanguage\":\"pt-BR\"}]}<\/script>\n<!-- \/ Yoast SEO plugin. -->","yoast_head_json":{"title":"Galeria de Diretores","description":"Nos \u00faltimos anos, a ABCDI concentrou seus esfor\u00e7os para criar e levar conte\u00fado, insumos t\u00e9cnicos, estrat\u00e9gicos e materiais at\u00e9 seus associados e demais participantes do mercado de gest\u00e3o cl\u00ednica.","robots":{"index":"index","follow":"follow","max-snippet":"max-snippet:-1","max-image-preview":"max-image-preview:large","max-video-preview":"max-video-preview:-1"},"canonical":"https:\/\/abcdi.org.br\/index.php\/galeria-de-diretores\/","og_locale":"pt_BR","og_type":"article","og_title":"Galeria de Diretores","og_description":"Nos \u00faltimos anos, a ABCDI concentrou seus esfor\u00e7os para criar e levar conte\u00fado, insumos t\u00e9cnicos, estrat\u00e9gicos e materiais at\u00e9 seus associados e demais participantes do mercado de gest\u00e3o cl\u00ednica.","og_url":"https:\/\/abcdi.org.br\/index.php\/galeria-de-diretores\/","article_modified_time":"2024-12-17T14:40:16+00:00","og_image":[{"url":"https:\/\/abcdi.org.br\/wp-content\/uploads\/2024\/12\/ricardo_rocha-225x300.jpg","type":"","width":"","height":""}],"twitter_card":"summary_large_image","twitter_misc":{"Est. tempo de leitura":"10 minutos"},"schema":{"@context":"https:\/\/schema.org","@graph":[{"@type":"WebPage","@id":"https:\/\/abcdi.org.br\/index.php\/galeria-de-diretores\/","url":"https:\/\/abcdi.org.br\/index.php\/galeria-de-diretores\/","name":"Galeria de Diretores","isPartOf":{"@id":"https:\/\/abcdi.org.br\/#website"},"primaryImageOfPage":{"@id":"https:\/\/abcdi.org.br\/index.php\/galeria-de-diretores\/#primaryimage"},"image":{"@id":"https:\/\/abcdi.org.br\/index.php\/galeria-de-diretores\/#primaryimage"},"thumbnailUrl":"https:\/\/abcdi.org.br\/wp-content\/uploads\/2024\/12\/ricardo_rocha-225x300.jpg","datePublished":"2022-02-04T15:45:09+00:00","dateModified":"2024-12-17T14:40:16+00:00","description":"Nos \u00faltimos anos, a ABCDI concentrou seus esfor\u00e7os para criar e levar conte\u00fado, insumos t\u00e9cnicos, estrat\u00e9gicos e materiais at\u00e9 seus associados e demais participantes do mercado de gest\u00e3o cl\u00ednica.","breadcrumb":{"@id":"https:\/\/abcdi.org.br\/index.php\/galeria-de-diretores\/#breadcrumb"},"inLanguage":"pt-BR","potentialAction":[{"@type":"ReadAction","target":["https:\/\/abcdi.org.br\/index.php\/galeria-de-diretores\/"]}]},{"@type":"ImageObject","inLanguage":"pt-BR","@id":"https:\/\/abcdi.org.br\/index.php\/galeria-de-diretores\/#primaryimage","url":"https:\/\/abcdi.org.br\/wp-content\/uploads\/2024\/12\/ricardo_rocha.jpg","contentUrl":"https:\/\/abcdi.org.br\/wp-content\/uploads\/2024\/12\/ricardo_rocha.jpg","width":300,"height":400},{"@type":"BreadcrumbList","@id":"https:\/\/abcdi.org.br\/index.php\/galeria-de-diretores\/#breadcrumb","itemListElement":[{"@type":"ListItem","position":1,"name":"In\u00edcio","item":"https:\/\/abcdi.org.br\/"},{"@type":"ListItem","position":2,"name":"Galeria de Diretores"}]},{"@type":"WebSite","@id":"https:\/\/abcdi.org.br\/#website","url":"https:\/\/abcdi.org.br\/","name":"","description":"ABCDI - Associa\u00e7\u00e3o Brasileira de Cl\u00ednicas de Diagnostico por Imagem","potentialAction":[{"@type":"SearchAction","target":{"@type":"EntryPoint","urlTemplate":"https:\/\/abcdi.org.br\/?s={search_term_string}"},"query-input":{"@type":"PropertyValueSpecification","valueRequired":true,"valueName":"search_term_string"}}],"inLanguage":"pt-BR"}]}},"_links":{"self":[{"href":"https:\/\/abcdi.org.br\/index.php\/wp-json\/wp\/v2\/pages\/389","targetHints":{"allow":["GET"]}}],"collection":[{"href":"https:\/\/abcdi.org.br\/index.php\/wp-json\/wp\/v2\/pages"}],"about":[{"href":"https:\/\/abcdi.org.br\/index.php\/wp-json\/wp\/v2\/types\/page"}],"author":[{"embeddable":true,"href":"https:\/\/abcdi.org.br\/index.php\/wp-json\/wp\/v2\/users\/1"}],"replies":[{"embeddable":true,"href":"https:\/\/abcdi.org.br\/index.php\/wp-json\/wp\/v2\/comments?post=389"}],"version-history":[{"count":163,"href":"https:\/\/abcdi.org.br\/index.php\/wp-json\/wp\/v2\/pages\/389\/revisions"}],"predecessor-version":[{"id":6142,"href":"https:\/\/abcdi.org.br\/index.php\/wp-json\/wp\/v2\/pages\/389\/revisions\/6142"}],"wp:attachment":[{"href":"https:\/\/abcdi.org.br\/index.php\/wp-json\/wp\/v2\/media?parent=389"}],"curies":[{"name":"wp","href":"https:\/\/api.w.org\/{rel}","templated":true}]}}